{"id":79,"date":"2017-09-26T13:29:47","date_gmt":"2017-09-26T13:29:47","guid":{"rendered":"http:\/\/liceulrasnov.rdsbv.ro\/wordpress\/?page_id=79"},"modified":"2020-02-05T09:35:24","modified_gmt":"2020-02-05T07:35:24","slug":"viziune-misiune-tinte","status":"publish","type":"page","link":"https:\/\/liceulrasnov.rdsbv.ro\/wordpress\/viziune-misiune-tinte\/","title":{"rendered":"Viziune-Misiune-Tinte"},"content":{"rendered":"<h2 style=\"text-align: center;\">VIZIUNEA LICEULUI TEHNOLOGIC R\u00c2\u0218NOV<\/h2>\n<p><strong>LICEUL TEHNOLOGIC\u00a0R\u00c2\u015eNOV<\/strong>\u00a0a fost recunoscut pe plan na\u0163ional \u015fi european pentru:<\/p>\n<ul>\n<li>finalitatea preg\u0103tirii profesionale;<\/li>\n<li>absolventul liceului, profesionist \u015fi cet\u0103\u0163ean european, bun cunosc\u0103tor al limbajului informatic, a unei limbi de circula\u0163ie interna\u0163ional\u0103;<\/li>\n<li>\u00eenalta calitate a educa\u0163iei \u015fi a procesului de predare \u00eenv\u0103\u0163are focalizat pe elev (elevul \u00een centrul procesului de educa\u0163ie \u015fi instruire);<\/li>\n<li>puternica motiva\u0163ie, angajare \u015fi preg\u0103tire profesional\u0103 a corpului profesoral \u015fi al elevilor;<\/li>\n<li>participare prin educa\u0163ie \u015fi instruire la dezvoltarea durabil\u0103 a comunit\u0103\u0163ii locale;<\/li>\n<li>resursele materiale la nivelul cerin\u0163elor \u015fi tehnicii anului 2010;<\/li>\n<li>cunoa\u015fterea \u015fi implementarea politicii Uniunii Europene;<\/li>\n<li>managementul performant;<\/li>\n<li>responsabilitatea p\u0103rin\u0163ilor elevilor fa\u0163\u0103 de actul educa\u0163ional;<\/li>\n<li>diversitatea ofertelor curriculare;<\/li>\n<li>resursele financiare atrase;<\/li>\n<li>promovarea \u015fi sus\u0163inerea activit\u0103\u0163ii de educa\u0163iei fizic\u0103 \u015fi sport de performan\u0163\u0103;<strong>\u00a0\u00a0<\/strong><\/li>\n<\/ul>\n<p><strong>MISIUNEA\u00a0<\/strong><strong>LICEULUI TEHNOLOGIC R\u00c2\u015eNOV\u00a0<\/strong><\/p>\n<p><em><strong>\u00a0\u00a0\u00a0\u00a0\u00a0\u00a0\u00a0<\/strong><\/em>\u00a0\u00a0\u00a0<strong>Liceul\u00a0Tehnologic\u00a0R\u00e2\u015fnov<\/strong>, este unitatea \u015fcolar\u0103 destinat\u0103 tuturor r\u00e2\u015fnovenilor \u015fi nu numai, decis\u0103 s\u0103 eviden\u0163ieze rolul \u015fcolii ca factor esen\u0163ial de formare ini\u0163ial\u0103 \u015fi continu\u0103, interdisciplinar\u0103 \u015fi intercultural\u0103, pentru a asigura absolven\u0163ilor \u015fansele inser\u0163iei economico \u2013 sociale \u00een meserii \u015fi profesii menite s\u0103 valorifice enormul poten\u0163ial economico \u2013 turistic al zonei precum \u015fi accesul la forme superioare\u00a0\u00a0de \u00eenv\u0103\u0163\u0103m\u00e2nt la nivelul exigen\u0163elor pie\u0163ei muncii europene \u015fi mondiale.<\/p>\n<p><em>\u00a0<\/em><\/p>\n<p><strong>\u0162INTE (SCOPURI) STRATEGICE<em>\u00a0<\/em><\/strong><\/p>\n<ul>\n<li>\u00a0\u00centocmirea C.D.\u015e.-urilor \u015fi C.D.L.-urilor ca form\u0103 de manifestare a autonomiei<\/li>\n<li>\u00a0Reconsiderarea managementului la nivelul \u015fcolii \u015fi al clasei \u00een vederea egaliz\u0103rii \u015fanselor<\/li>\n<li>\u00a0Asigurarea accesului la informa\u0163ie pentru toate categoriile sociale: elevi, profesori, comunitate local\u0103<\/li>\n<li>\u00a0Promovarea imaginii unit\u0103\u0163ii \u00een vederea atragerii de absolven\u0163i ai clasei a VIII a \u015fi a evit\u0103rii abandonului \u015fcolar<\/li>\n<li>\u00a0\u00centocmirea documenta\u0163iei \u00een vederea acredit\u0103rii unit\u0103\u0163ii de \u00eenv\u0103\u0163\u0103m\u00e2nt conform metodologiei \u015fi graficului A.R.A.C.I.P.<\/li>\n<li>\u00a0Asigurarea unui climat organiza\u0163ional optim pentru implicarea tuturor cadrelor didactice \u00een cre\u015fterea calit\u0103\u0163ii \u00eenv\u0103\u0163\u0103m\u00e2ntului<\/li>\n<li>\u00a0Participarea cadrelor didactice la cursuri de formare ECDL<\/li>\n<li>\u00a0Asigurarea pentru elevi \u015fi cadre didactice a unui climat de siguran\u0163\u0103 \u00een vederea prevenirii violen\u0163ei<\/li>\n<li>\u00a0Crearea unui climat de munc\u0103 propice pentru a asigura fiec\u0103rui elev posibiliatea de a atinge performan\u0163a dorit\u0103<\/li>\n<li>\u00a0Amenajarea \u015fi dotarea unui laborator tehnologic astfel \u00eenc\u00e2t elevii s\u0103 dob\u00e2ndeasc\u0103 competen\u0163ele tehnice \u015fi tehnologice la nivelul standardelor europene<\/li>\n<li>\u00a0Con\u015ftientizarea elevilor, a cadrelor didactice \u015fi a \u00eentregii comunit\u0103\u0163i cu privire la problemele ecoturistice ale zonei \u015fi ale implica\u0163iilor acestora asupra existen\u0163ei noastre<\/li>\n<li>\u00a0Popularizarea activit\u0103\u0163ilor, rezultatelor \u015fi nevoilor, \u00een \u015fcoal\u0103, comunitate \u015fi zon\u0103 prin intermediul revistei \u015fcolii \u201cITINERAR \u015eCOL\u0102RESC\u201d<\/li>\n<li>\u00a0Crearea unui obicei \u00een r\u00e2ndul elevilor \u015fi a cadrelor didactice cu privire la p\u0103strarea tradi\u0163iei \u015fcolii, la dezvoltarea spiritului de apartenen\u0163\u0103 la comunitate.<\/li>\n<li>\u00a0Amenajarea bibliotecii \u015fcolii \u00eentr-un spa\u0163iu corespunz\u0103tor<\/li>\n<li>\u00a0Reabilitarea \u015fi recompartimentarea cl\u0103dirii \u00een care func\u0163ioneaz\u0103 atelierele \u015fcoal\u0103 \u015fi sala de sport.<\/li>\n<\/ul>\n","protected":false},"excerpt":{"rendered":"<p>VIZIUNEA LICEULUI TEHNOLOGIC R\u00c2\u0218NOV LICEUL TEHNOLOGIC\u00a0R\u00c2\u015eNOV\u00a0a fost recunoscut pe plan na\u0163ional \u015fi european pentru: finalitatea preg\u0103tirii profesionale; absolventul liceului, profesionist &hellip; <\/p>\n","protected":false},"author":1,"featured_media":0,"parent":0,"menu_order":0,"comment_status":"closed","ping_status":"closed","template":"","meta":{"footnotes":""},"class_list":["post-79","page","type-page","status-publish","hentry"],"_links":{"self":[{"href":"https:\/\/liceulrasnov.rdsbv.ro\/wordpress\/wp-json\/wp\/v2\/pages\/79","targetHints":{"allow":["GET"]}}],"collection":[{"href":"https:\/\/liceulrasnov.rdsbv.ro\/wordpress\/wp-json\/wp\/v2\/pages"}],"about":[{"href":"https:\/\/liceulrasnov.rdsbv.ro\/wordpress\/wp-json\/wp\/v2\/types\/page"}],"author":[{"embeddable":true,"href":"https:\/\/liceulrasnov.rdsbv.ro\/wordpress\/wp-json\/wp\/v2\/users\/1"}],"replies":[{"embeddable":true,"href":"https:\/\/liceulrasnov.rdsbv.ro\/wordpress\/wp-json\/wp\/v2\/comments?post=79"}],"version-history":[{"count":5,"href":"https:\/\/liceulrasnov.rdsbv.ro\/wordpress\/wp-json\/wp\/v2\/pages\/79\/revisions"}],"predecessor-version":[{"id":920,"href":"https:\/\/liceulrasnov.rdsbv.ro\/wordpress\/wp-json\/wp\/v2\/pages\/79\/revisions\/920"}],"wp:attachment":[{"href":"https:\/\/liceulrasnov.rdsbv.ro\/wordpress\/wp-json\/wp\/v2\/media?parent=79"}],"curies":[{"name":"wp","href":"https:\/\/api.w.org\/{rel}","templated":true}]}}